{"id":234,"date":"2022-04-26T16:34:31","date_gmt":"2022-04-26T14:34:31","guid":{"rendered":"https:\/\/ilconvento-lp.ms.decms.eu\/?page_id=234"},"modified":"2022-04-26T16:34:31","modified_gmt":"2022-04-26T14:34:31","slug":"capo-vaticano","status":"publish","type":"page","link":"https:\/\/www.ilconvento.com\/fr\/capo-vaticano\/","title":{"rendered":"Capo Vaticano"},"content":{"rendered":"<div class=\"col-xs-16\">\n<div class=\"body\">\n<p>Un des lieux les plus enchanteurs de l\u2019enti\u00e8re C\u00f4te de la M\u00e9diterran\u00e9en. Il offre un sc\u00e9nario naturel d\u2019incomparable beaut\u00e9: rocher surplombants sur la mer transparente et du couleur vert-azur, criques charmantes avec de sable blanc et tr\u00e8s fin, nombreuses grottes, souvent rejoignables en bateau.<\/p>\n<p>La plage blanche de St. Marie de Ricadi, avec son sable doux et l\u00e9g\u00e8rement color\u00e9, s\u2019\u00e9tend au Sud du promontoire du Capo Vaticano.<\/p>\n<p>Elle est nich\u00e9e dans une baie, riche de criques: d\u2019ici son ult\u00e9rieur nom, \u201cGrotticelle\u201d (les petites grottes). Dans une extr\u00e9mit\u00e9 on peut y trouver la falaise de Torre Santa Maria, de l\u2019autre extr\u00e9mit\u00e9 il y a la Grotte de l\u2019Aspide et les rochers de la Galea.<\/p>\n<\/div>\n<\/div>\n","protected":false},"excerpt":{"rendered":"<p>Un des lieux les plus enchanteurs de l\u2019enti\u00e8re C\u00f4te de la M\u00e9diterran\u00e9en. Il offre un sc\u00e9nario naturel d\u2019incomparable beaut\u00e9: rocher surplombants sur la mer transparente et du couleur vert-azur, criques charmantes avec de sable blanc et tr\u00e8s fin, nombreuses grottes, souvent rejoignables en bateau. La plage blanche de St. Marie de Ricadi, avec son sable [&hellip;]<\/p>\n","protected":false},"author":13,"featured_media":0,"parent":0,"menu_order":80,"comment_status":"closed","ping_status":"closed","template":"","meta":{"footnotes":""},"class_list":["post-234","page","type-page","status-publish","hentry"],"yoast_head":"<!-- This site is optimized with the Yoast SEO plugin v26.9 - https:\/\/yoast.com\/product\/yoast-seo-wordpress\/ -->\n<title>Capo Vaticano &#8902; Il Convento &#8902;<\/title>\n<meta name=\"description\" content=\"Un des lieux les plus enchanteurs de l\u2019enti\u00e8re C\u00f4te de la M\u00e9diterran\u00e9en. Il offre un sc\u00e9nario naturel d\u2019incomparable beaut\u00e9: rocher surplombants sur la mer transparente et du couleur vert-azur, criques charmantes avec de sable blanc et tr\u00e8s fin, nombreuses grottes, souvent rejoignables en bateau.  La plage blanche de St\" \/>\n<meta name=\"robots\" content=\"index, follow, max-snippet:-1, max-image-preview:large, max-video-preview:-1\" \/>\n<link rel=\"canonical\" href=\"https:\/\/www.ilconvento.com\/fr\/capo-vaticano\/\" \/>\n<meta property=\"og:locale\" content=\"fr_FR\" \/>\n<meta property=\"og:type\" content=\"article\" \/>\n<meta property=\"og:title\" content=\"Capo Vaticano &#8902; Il Convento &#8902;\" \/>\n<meta property=\"og:description\" content=\"Un des lieux les plus enchanteurs de l\u2019enti\u00e8re C\u00f4te de la M\u00e9diterran\u00e9en. Il offre un sc\u00e9nario naturel d\u2019incomparable beaut\u00e9: rocher surplombants sur la mer transparente et du couleur vert-azur, criques charmantes avec de sable blanc et tr\u00e8s fin, nombreuses grottes, souvent rejoignables en bateau.  La plage blanche de St\" \/>\n<meta property=\"og:url\" content=\"https:\/\/www.ilconvento.com\/fr\/capo-vaticano\/\" \/>\n<meta property=\"og:site_name\" content=\"Il Convento\" \/>\n<meta name=\"twitter:card\" content=\"summary_large_image\" \/>\n<meta name=\"twitter:label1\" content=\"Dur\u00e9e de lecture estim\u00e9e\" \/>\n\t<meta name=\"twitter:data1\" content=\"1 minute\" \/>\n<script type=\"application\/ld+json\" class=\"yoast-schema-graph\">{\"@context\":\"https:\/\/schema.org\",\"@graph\":[{\"@type\":\"WebPage\",\"@id\":\"https:\/\/www.ilconvento.com\/fr\/capo-vaticano\/\",\"url\":\"https:\/\/www.ilconvento.com\/fr\/capo-vaticano\/\",\"name\":\"Capo Vaticano &#8902; Il Convento &#8902;\",\"isPartOf\":{\"@id\":\"https:\/\/www.ilconvento.com\/fr\/#website\"},\"datePublished\":\"2022-04-26T14:34:31+00:00\",\"description\":\"Un des lieux les plus enchanteurs de l\u2019enti\u00e8re C\u00f4te de la M\u00e9diterran\u00e9en. Il offre un sc\u00e9nario naturel d\u2019incomparable beaut\u00e9: rocher surplombants sur la mer transparente et du couleur vert-azur, criques charmantes avec de sable blanc et tr\u00e8s fin, nombreuses grottes, souvent rejoignables en bateau. La plage blanche de St\",\"breadcrumb\":{\"@id\":\"https:\/\/www.ilconvento.com\/fr\/capo-vaticano\/#breadcrumb\"},\"inLanguage\":\"fr-FR\",\"potentialAction\":[{\"@type\":\"ReadAction\",\"target\":[\"https:\/\/www.ilconvento.com\/fr\/capo-vaticano\/\"]}]},{\"@type\":\"BreadcrumbList\",\"@id\":\"https:\/\/www.ilconvento.com\/fr\/capo-vaticano\/#breadcrumb\",\"itemListElement\":[{\"@type\":\"ListItem\",\"position\":1,\"name\":\"Home\",\"item\":\"https:\/\/www.ilconvento.com\/fr\/\"},{\"@type\":\"ListItem\",\"position\":2,\"name\":\"Capo Vaticano\"}]},{\"@type\":\"WebSite\",\"@id\":\"https:\/\/www.ilconvento.com\/fr\/#website\",\"url\":\"https:\/\/www.ilconvento.com\/fr\/\",\"name\":\"Il Convento\",\"description\":\"Ecco un altro sito ms.decms.eu\",\"potentialAction\":[{\"@type\":\"SearchAction\",\"target\":{\"@type\":\"EntryPoint\",\"urlTemplate\":\"https:\/\/www.ilconvento.com\/fr\/?s={search_term_string}\"},\"query-input\":{\"@type\":\"PropertyValueSpecification\",\"valueRequired\":true,\"valueName\":\"search_term_string\"}}],\"inLanguage\":\"fr-FR\"}]}<\/script>\n<!-- \/ Yoast SEO plugin. -->","yoast_head_json":{"title":"Capo Vaticano &#8902; Il Convento &#8902;","description":"Un des lieux les plus enchanteurs de l\u2019enti\u00e8re C\u00f4te de la M\u00e9diterran\u00e9en. Il offre un sc\u00e9nario naturel d\u2019incomparable beaut\u00e9: rocher surplombants sur la mer transparente et du couleur vert-azur, criques charmantes avec de sable blanc et tr\u00e8s fin, nombreuses grottes, souvent rejoignables en bateau.  La plage blanche de St","robots":{"index":"index","follow":"follow","max-snippet":"max-snippet:-1","max-image-preview":"max-image-preview:large","max-video-preview":"max-video-preview:-1"},"canonical":"https:\/\/www.ilconvento.com\/fr\/capo-vaticano\/","og_locale":"fr_FR","og_type":"article","og_title":"Capo Vaticano &#8902; Il Convento &#8902;","og_description":"Un des lieux les plus enchanteurs de l\u2019enti\u00e8re C\u00f4te de la M\u00e9diterran\u00e9en. Il offre un sc\u00e9nario naturel d\u2019incomparable beaut\u00e9: rocher surplombants sur la mer transparente et du couleur vert-azur, criques charmantes avec de sable blanc et tr\u00e8s fin, nombreuses grottes, souvent rejoignables en bateau.  La plage blanche de St","og_url":"https:\/\/www.ilconvento.com\/fr\/capo-vaticano\/","og_site_name":"Il Convento","twitter_card":"summary_large_image","twitter_misc":{"Dur\u00e9e de lecture estim\u00e9e":"1 minute"},"schema":{"@context":"https:\/\/schema.org","@graph":[{"@type":"WebPage","@id":"https:\/\/www.ilconvento.com\/fr\/capo-vaticano\/","url":"https:\/\/www.ilconvento.com\/fr\/capo-vaticano\/","name":"Capo Vaticano &#8902; Il Convento &#8902;","isPartOf":{"@id":"https:\/\/www.ilconvento.com\/fr\/#website"},"datePublished":"2022-04-26T14:34:31+00:00","description":"Un des lieux les plus enchanteurs de l\u2019enti\u00e8re C\u00f4te de la M\u00e9diterran\u00e9en. Il offre un sc\u00e9nario naturel d\u2019incomparable beaut\u00e9: rocher surplombants sur la mer transparente et du couleur vert-azur, criques charmantes avec de sable blanc et tr\u00e8s fin, nombreuses grottes, souvent rejoignables en bateau. La plage blanche de St","breadcrumb":{"@id":"https:\/\/www.ilconvento.com\/fr\/capo-vaticano\/#breadcrumb"},"inLanguage":"fr-FR","potentialAction":[{"@type":"ReadAction","target":["https:\/\/www.ilconvento.com\/fr\/capo-vaticano\/"]}]},{"@type":"BreadcrumbList","@id":"https:\/\/www.ilconvento.com\/fr\/capo-vaticano\/#breadcrumb","itemListElement":[{"@type":"ListItem","position":1,"name":"Home","item":"https:\/\/www.ilconvento.com\/fr\/"},{"@type":"ListItem","position":2,"name":"Capo Vaticano"}]},{"@type":"WebSite","@id":"https:\/\/www.ilconvento.com\/fr\/#website","url":"https:\/\/www.ilconvento.com\/fr\/","name":"Il Convento","description":"Ecco un altro sito ms.decms.eu","potentialAction":[{"@type":"SearchAction","target":{"@type":"EntryPoint","urlTemplate":"https:\/\/www.ilconvento.com\/fr\/?s={search_term_string}"},"query-input":{"@type":"PropertyValueSpecification","valueRequired":true,"valueName":"search_term_string"}}],"inLanguage":"fr-FR"}]}},"acf":[],"_links":{"self":[{"href":"https:\/\/www.ilconvento.com\/fr\/wp-json\/wp\/v2\/pages\/234","targetHints":{"allow":["GET"]}}],"collection":[{"href":"https:\/\/www.ilconvento.com\/fr\/wp-json\/wp\/v2\/pages"}],"about":[{"href":"https:\/\/www.ilconvento.com\/fr\/wp-json\/wp\/v2\/types\/page"}],"author":[{"embeddable":true,"href":"https:\/\/www.ilconvento.com\/fr\/wp-json\/wp\/v2\/users\/13"}],"replies":[{"embeddable":true,"href":"https:\/\/www.ilconvento.com\/fr\/wp-json\/wp\/v2\/comments?post=234"}],"version-history":[{"count":0,"href":"https:\/\/www.ilconvento.com\/fr\/wp-json\/wp\/v2\/pages\/234\/revisions"}],"wp:attachment":[{"href":"https:\/\/www.ilconvento.com\/fr\/wp-json\/wp\/v2\/media?parent=234"}],"curies":[{"name":"wp","href":"https:\/\/api.w.org\/{rel}","templated":true}]}}